{"id":7082,"date":"2026-03-04T18:45:49","date_gmt":"2026-03-04T21:45:49","guid":{"rendered":"https:\/\/iadesl.org\/?page_id=7082"},"modified":"2026-04-27T16:44:48","modified_gmt":"2026-04-27T19:44:48","slug":"treinar-kids-2025","status":"publish","type":"page","link":"https:\/\/iadesl.org\/index.php\/diadesl\/treinar-kids-2025\/","title":{"rendered":"TREINAR KIDS"},"content":{"rendered":"\t\t<div data-elementor-type=\"wp-page\" data-elementor-id=\"7082\" class=\"elementor elementor-7082\">\n\t\t\t\t\t\t<section class=\"elementor-section elementor-top-section elementor-element elementor-element-38c2b51 elementor-section-boxed elementor-section-height-default elementor-section-height-default\" data-id=\"38c2b51\" data-element_type=\"section\" data-e-type=\"section\">\n\t\t\t\t\t\t<div class=\"elementor-container elementor-column-gap-default\">\n\t\t\t\t\t<div class=\"elementor-column elementor-col-100 elementor-top-column elementor-element elementor-element-be84290\" data-id=\"be84290\" data-element_type=\"column\" data-e-type=\"column\">\n\t\t\t<div class=\"elementor-widget-wrap elementor-element-populated\">\n\t\t\t\t\t\t<section class=\"elementor-section elementor-inner-section elementor-element elementor-element-1956594 elementor-section-boxed elementor-section-height-default elementor-section-height-default\" data-id=\"1956594\" data-element_type=\"section\" data-e-type=\"section\">\n\t\t\t\t\t\t<div class=\"elementor-container elementor-column-gap-default\">\n\t\t\t\t\t<div class=\"elementor-column elementor-col-100 elementor-inner-column elementor-element elementor-element-b237076\" data-id=\"b237076\" data-element_type=\"column\" data-e-type=\"column\">\n\t\t\t<div class=\"elementor-widget-wrap elementor-element-populated\">\n\t\t\t\t\t\t<div class=\"elementor-element elementor-element-fceea2e elementor-widget elementor-widget-heading\" data-id=\"fceea2e\" data-element_type=\"widget\" data-e-type=\"widget\" data-widget_type=\"heading.default\">\n\t\t\t\t<div class=\"elementor-widget-container\">\n\t\t\t\t\t<h2 class=\"elementor-heading-title elementor-size-default\">DIADESL<\/h2>\t\t\t\t<\/div>\n\t\t\t\t<\/div>\n\t\t\t\t<section class=\"elementor-section elementor-inner-section elementor-element elementor-element-acce9f3 elementor-section-boxed elementor-section-height-default elementor-section-height-default\" data-id=\"acce9f3\" data-element_type=\"section\" data-e-type=\"section\">\n\t\t\t\t\t\t<div class=\"elementor-container elementor-column-gap-default\">\n\t\t\t\t\t<div class=\"elementor-column elementor-col-100 elementor-inner-column elementor-element elementor-element-bb63ebe\" data-id=\"bb63ebe\" data-element_type=\"column\" data-e-type=\"column\">\n\t\t\t<div class=\"elementor-widget-wrap elementor-element-populated\">\n\t\t\t\t\t\t<div class=\"elementor-element elementor-element-7eefc4e elementor-widget elementor-widget-heading\" data-id=\"7eefc4e\" data-element_type=\"widget\" data-e-type=\"widget\" data-widget_type=\"heading.default\">\n\t\t\t\t<div class=\"elementor-widget-container\">\n\t\t\t\t\t<h2 class=\"elementor-heading-title elementor-size-default\">Departamento Infantil da Assembleia de Deus em S\u00e3o Luis<\/h2>\t\t\t\t<\/div>\n\t\t\t\t<\/div>\n\t\t\t\t\t<\/div>\n\t\t<\/div>\n\t\t\t\t\t<\/div>\n\t\t<\/section>\n\t\t\t\t\t<\/div>\n\t\t<\/div>\n\t\t\t\t\t<\/div>\n\t\t<\/section>\n\t\t\t\t\t<\/div>\n\t\t<\/div>\n\t\t\t\t\t<\/div>\n\t\t<\/section>\n\t\t\t\t<section class=\"elementor-section elementor-top-section elementor-element elementor-element-7ad5c48 elementor-section-boxed elementor-section-height-default elementor-section-height-default\" data-id=\"7ad5c48\" data-element_type=\"section\" data-e-type=\"section\">\n\t\t\t\t\t\t<div class=\"elementor-container elementor-column-gap-default\">\n\t\t\t\t\t<div class=\"elementor-column elementor-col-100 elementor-top-column elementor-element elementor-element-5df461e\" data-id=\"5df461e\" data-element_type=\"column\" data-e-type=\"column\">\n\t\t\t<div class=\"elementor-widget-wrap elementor-element-populated\">\n\t\t\t\t\t\t<div class=\"elementor-element elementor-element-5ba27a1 elementor-pagination-position-inside elementor-arrows-position-inside elementor-widget elementor-widget-image-carousel\" data-id=\"5ba27a1\" data-element_type=\"widget\" data-e-type=\"widget\" data-settings=\"{&quot;slides_to_show&quot;:&quot;1&quot;,&quot;autoplay_speed&quot;:3000,&quot;navigation&quot;:&quot;both&quot;,&quot;autoplay&quot;:&quot;yes&quot;,&quot;pause_on_hover&quot;:&quot;yes&quot;,&quot;pause_on_interaction&quot;:&quot;yes&quot;,&quot;infinite&quot;:&quot;yes&quot;,&quot;effect&quot;:&quot;slide&quot;,&quot;speed&quot;:500}\" data-widget_type=\"image-carousel.default\">\n\t\t\t\t<div class=\"elementor-widget-container\">\n\t\t\t\t\t\t\t<div class=\"elementor-image-carousel-wrapper swiper\" role=\"region\" aria-roledescription=\"carousel\" aria-label=\"Carrossel de imagens\" dir=\"ltr\">\n\t\t\t<div class=\"elementor-image-carousel swiper-wrapper swiper-image-stretch\" aria-live=\"off\">\n\t\t\t\t\t\t\t\t<div class=\"swiper-slide\" role=\"group\" aria-roledescription=\"slide\" aria-label=\"1 de 2\"><a data-elementor-open-lightbox=\"yes\" data-elementor-lightbox-slideshow=\"5ba27a1\" data-elementor-lightbox-title=\"TREINAR KIDS\" data-elementor-lightbox-description=\"PRELETORAS TREINAR KIDS\" data-e-action-hash=\"#elementor-action%3Aaction%3Dlightbox%26settings%3DeyJpZCI6NjgyNywidXJsIjoiaHR0cHM6XC9cL2lhZGVzbC5vcmdcL3dwLWNvbnRlbnRcL3VwbG9hZHNcLzIwMjVcLzEwXC9UUkVJTkFSLUtJRFMucG5nIiwic2xpZGVzaG93IjoiNWJhMjdhMSJ9\" href=\"https:\/\/eventhus.app.br\/formulario\/e476xgHj\"><figure class=\"swiper-slide-inner\"><img decoding=\"async\" class=\"swiper-slide-image\" src=\"https:\/\/iadesl.org\/wp-content\/uploads\/2025\/10\/TREINAR-KIDS-2048x1152.png\" alt=\"PRELETORAS\" \/><\/figure><\/a><\/div><div class=\"swiper-slide\" role=\"group\" aria-roledescription=\"slide\" aria-label=\"2 de 2\"><a data-elementor-open-lightbox=\"yes\" data-elementor-lightbox-slideshow=\"5ba27a1\" data-elementor-lightbox-title=\"PIX DIADESL\" data-elementor-lightbox-description=\"Mande sua oferta para o Departamento Infantil atrav\u00e9s do nosso PIX!\" data-e-action-hash=\"#elementor-action%3Aaction%3Dlightbox%26settings%3DeyJpZCI6NDE1MCwidXJsIjoiaHR0cHM6XC9cL2lhZGVzbC5vcmdcL3dwLWNvbnRlbnRcL3VwbG9hZHNcLzIwMjRcLzA2XC9QSVgtRElBREVTTC5wbmciLCJzbGlkZXNob3ciOiI1YmEyN2ExIn0%3D\" href=\"https:\/\/eventhus.app.br\/formulario\/e476xgHj\"><figure class=\"swiper-slide-inner\"><img decoding=\"async\" class=\"swiper-slide-image\" src=\"https:\/\/iadesl.org\/wp-content\/uploads\/2024\/06\/PIX-DIADESL.png\" alt=\"Pix DIADESL!\" \/><\/figure><\/a><\/div>\t\t\t<\/div>\n\t\t\t\t\t\t\t\t\t\t\t\t<div class=\"elementor-swiper-button elementor-swiper-button-prev\" role=\"button\" tabindex=\"0\">\n\t\t\t\t\t\t<i aria-hidden=\"true\" class=\"eicon-chevron-left\"><\/i>\t\t\t\t\t<\/div>\n\t\t\t\t\t<div class=\"elementor-swiper-button elementor-swiper-button-next\" role=\"button\" tabindex=\"0\">\n\t\t\t\t\t\t<i aria-hidden=\"true\" class=\"eicon-chevron-right\"><\/i>\t\t\t\t\t<\/div>\n\t\t\t\t\n\t\t\t\t\t\t\t\t\t<div class=\"swiper-pagination\"><\/div>\n\t\t\t\t\t\t\t\t\t<\/div>\n\t\t\t\t\t\t<\/div>\n\t\t\t\t<\/div>\n\t\t\t\t\t<\/div>\n\t\t<\/div>\n\t\t\t\t\t<\/div>\n\t\t<\/section>\n\t\t\t\t<section class=\"elementor-section elementor-top-section elementor-element elementor-element-ca34f72 elementor-section-boxed elementor-section-height-default elementor-section-height-default\" data-id=\"ca34f72\" data-element_type=\"section\" data-e-type=\"section\">\n\t\t\t\t\t\t<div class=\"elementor-container elementor-column-gap-default\">\n\t\t\t\t\t<div class=\"elementor-column elementor-col-100 elementor-top-column elementor-element elementor-element-9f2a564\" data-id=\"9f2a564\" data-element_type=\"column\" data-e-type=\"column\">\n\t\t\t<div class=\"elementor-widget-wrap elementor-element-populated\">\n\t\t\t\t\t\t<div class=\"elementor-element elementor-element-c5ab6f0 elementor-widget-divider--view-line elementor-widget elementor-widget-divider\" data-id=\"c5ab6f0\" data-element_type=\"widget\" data-e-type=\"widget\" data-widget_type=\"divider.default\">\n\t\t\t\t<div class=\"elementor-widget-container\">\n\t\t\t\t\t\t\t<div class=\"elementor-divider\">\n\t\t\t<span class=\"elementor-divider-separator\">\n\t\t\t\t\t\t<\/span>\n\t\t<\/div>\n\t\t\t\t\t\t<\/div>\n\t\t\t\t<\/div>\n\t\t\t\t<div class=\"elementor-element elementor-element-8238c05 elementor-widget elementor-widget-heading\" data-id=\"8238c05\" data-element_type=\"widget\" data-e-type=\"widget\" data-widget_type=\"heading.default\">\n\t\t\t\t<div class=\"elementor-widget-container\">\n\t\t\t\t\t<h2 class=\"elementor-heading-title elementor-size-default\">TREINAR <i>KIDS<\/i><\/h2>\t\t\t\t<\/div>\n\t\t\t\t<\/div>\n\t\t\t\t<section class=\"elementor-section elementor-inner-section elementor-element elementor-element-639248b elementor-section-boxed elementor-section-height-default elementor-section-height-default\" data-id=\"639248b\" data-element_type=\"section\" data-e-type=\"section\">\n\t\t\t\t\t\t<div class=\"elementor-container elementor-column-gap-default\">\n\t\t\t\t\t<div class=\"elementor-column elementor-col-100 elementor-inner-column elementor-element elementor-element-aa661f7\" data-id=\"aa661f7\" data-element_type=\"column\" data-e-type=\"column\">\n\t\t\t<div class=\"elementor-widget-wrap elementor-element-populated\">\n\t\t\t\t\t\t<div class=\"elementor-element elementor-element-fa51d8a elementor-widget__width-initial elementor-widget-mobile__width-initial elementor-view-default elementor-widget elementor-widget-icon\" data-id=\"fa51d8a\" data-element_type=\"widget\" data-e-type=\"widget\" data-widget_type=\"icon.default\">\n\t\t\t\t<div class=\"elementor-widget-container\">\n\t\t\t\t\t\t\t<div class=\"elementor-icon-wrapper\">\n\t\t\t<div class=\"elementor-icon\">\n\t\t\t<i aria-hidden=\"true\" class=\"far fa-calendar-alt\"><\/i>\t\t\t<\/div>\n\t\t<\/div>\n\t\t\t\t\t\t<\/div>\n\t\t\t\t<\/div>\n\t\t\t\t<div class=\"elementor-element elementor-element-78c9a7c elementor-widget__width-initial elementor-widget-tablet__width-initial elementor-widget-mobile__width-initial elementor-widget elementor-widget-text-editor\" data-id=\"78c9a7c\" data-element_type=\"widget\" data-e-type=\"widget\" data-widget_type=\"text-editor.default\">\n\t\t\t\t<div class=\"elementor-widget-container\">\n\t\t\t\t\t\t\t\t\t<p>7 e 8 de Novembro<\/p>\t\t\t\t\t\t\t\t<\/div>\n\t\t\t\t<\/div>\n\t\t\t\t\t<\/div>\n\t\t<\/div>\n\t\t\t\t\t<\/div>\n\t\t<\/section>\n\t\t\t\t<section class=\"elementor-section elementor-inner-section elementor-element elementor-element-39c8a28 elementor-section-boxed elementor-section-height-default elementor-section-height-default\" data-id=\"39c8a28\" data-element_type=\"section\" data-e-type=\"section\">\n\t\t\t\t\t\t<div class=\"elementor-container elementor-column-gap-default\">\n\t\t\t\t\t<div class=\"elementor-column elementor-col-100 elementor-inner-column elementor-element elementor-element-63032dc\" data-id=\"63032dc\" data-element_type=\"column\" data-e-type=\"column\">\n\t\t\t<div class=\"elementor-widget-wrap elementor-element-populated\">\n\t\t\t\t\t\t<div class=\"elementor-element elementor-element-64e0f57 elementor-widget__width-initial elementor-widget-mobile__width-initial elementor-view-default elementor-widget elementor-widget-icon\" data-id=\"64e0f57\" data-element_type=\"widget\" data-e-type=\"widget\" data-widget_type=\"icon.default\">\n\t\t\t\t<div class=\"elementor-widget-container\">\n\t\t\t\t\t\t\t<div class=\"elementor-icon-wrapper\">\n\t\t\t<a class=\"elementor-icon\" href=\"https:\/\/maps.app.goo.gl\/LfgGRzqcEowLWfsy5\">\n\t\t\t<i aria-hidden=\"true\" class=\"fas fa-map-pin\"><\/i>\t\t\t<\/a>\n\t\t<\/div>\n\t\t\t\t\t\t<\/div>\n\t\t\t\t<\/div>\n\t\t\t\t<div class=\"elementor-element elementor-element-8472a70 elementor-widget__width-initial elementor-widget-tablet__width-initial elementor-widget-mobile__width-initial elementor-widget elementor-widget-text-editor\" data-id=\"8472a70\" data-element_type=\"widget\" data-e-type=\"widget\" data-widget_type=\"text-editor.default\">\n\t\t\t\t<div class=\"elementor-widget-container\">\n\t\t\t\t\t\t\t\t\t<p>Templo Central da IADESL<\/p>\t\t\t\t\t\t\t\t<\/div>\n\t\t\t\t<\/div>\n\t\t\t\t\t<\/div>\n\t\t<\/div>\n\t\t\t\t\t<\/div>\n\t\t<\/section>\n\t\t\t\t<div class=\"elementor-element elementor-element-be26eec elementor-widget elementor-widget-heading\" data-id=\"be26eec\" data-element_type=\"widget\" data-e-type=\"widget\" data-widget_type=\"heading.default\">\n\t\t\t\t<div class=\"elementor-widget-container\">\n\t\t\t\t\t<h2 class=\"elementor-heading-title elementor-size-default\">PRELETORAS<\/h2>\t\t\t\t<\/div>\n\t\t\t\t<\/div>\n\t\t\t\t\t<\/div>\n\t\t<\/div>\n\t\t\t\t\t<\/div>\n\t\t<\/section>\n\t\t\t\t<section class=\"elementor-section elementor-top-section elementor-element elementor-element-707b510 elementor-section-boxed elementor-section-height-default elementor-section-height-default\" data-id=\"707b510\" data-element_type=\"section\" data-e-type=\"section\">\n\t\t\t\t\t\t<div class=\"elementor-container elementor-column-gap-default\">\n\t\t\t\t\t<div class=\"elementor-column elementor-col-20 elementor-top-column elementor-element elementor-element-0b6a220\" data-id=\"0b6a220\" data-element_type=\"column\" data-e-type=\"column\">\n\t\t\t<div class=\"elementor-widget-wrap elementor-element-populated\">\n\t\t\t\t\t\t<div class=\"elementor-element elementor-element-8be8ca1 elementor-position-top elementor-widget elementor-widget-image-box\" data-id=\"8be8ca1\" data-element_type=\"widget\" data-e-type=\"widget\" data-widget_type=\"image-box.default\">\n\t\t\t\t<div class=\"elementor-widget-container\">\n\t\t\t\t\t<div class=\"elementor-image-box-wrapper\"><figure class=\"elementor-image-box-img\"><a href=\"https:\/\/www.instagram.com\/tiaqueque\/\" tabindex=\"-1\"><img fetchpriority=\"high\" decoding=\"async\" width=\"1080\" height=\"1920\" src=\"https:\/\/iadesl.org\/wp-content\/uploads\/2025\/10\/Tia-Queque.jpg\" class=\"attachment-full size-full wp-image-6615\" alt=\"Tia Quequ\u00ea\" srcset=\"https:\/\/iadesl.org\/wp-content\/uploads\/2025\/10\/Tia-Queque.jpg 1080w, https:\/\/iadesl.org\/wp-content\/uploads\/2025\/10\/Tia-Queque-169x300.jpg 169w, https:\/\/iadesl.org\/wp-content\/uploads\/2025\/10\/Tia-Queque-576x1024.jpg 576w, https:\/\/iadesl.org\/wp-content\/uploads\/2025\/10\/Tia-Queque-768x1365.jpg 768w, https:\/\/iadesl.org\/wp-content\/uploads\/2025\/10\/Tia-Queque-864x1536.jpg 864w, https:\/\/iadesl.org\/wp-content\/uploads\/2025\/10\/Tia-Queque-236x420.jpg 236w, https:\/\/iadesl.org\/wp-content\/uploads\/2025\/10\/Tia-Queque-696x1237.jpg 696w, https:\/\/iadesl.org\/wp-content\/uploads\/2025\/10\/Tia-Queque-1068x1899.jpg 1068w, https:\/\/iadesl.org\/wp-content\/uploads\/2025\/10\/Tia-Queque-600x1067.jpg 600w\" sizes=\"(max-width: 1080px) 100vw, 1080px\" \/><\/a><\/figure><div class=\"elementor-image-box-content\"><h3 class=\"elementor-image-box-title\"><a href=\"https:\/\/www.instagram.com\/tiaqueque\/\">Tia Quequ\u00ea<\/a><\/h3><p class=\"elementor-image-box-description\">Com um Minist\u00e9rio dedicado ao ensino e forma\u00e7\u00e3o crist\u00e3  de crian\u00e7as, atua h\u00e1 26 anos como Educadora Crist\u00e3, Evangelista Infantil e Coordenadora do Departamento Infantil na Congrega\u00e7\u00e3o Mori\u00e1, \u00c1rea 70.<\/p><\/div><\/div>\t\t\t\t<\/div>\n\t\t\t\t<\/div>\n\t\t\t\t\t<\/div>\n\t\t<\/div>\n\t\t\t\t<div class=\"elementor-column elementor-col-20 elementor-top-column elementor-element elementor-element-94345de\" data-id=\"94345de\" data-element_type=\"column\" data-e-type=\"column\">\n\t\t\t<div class=\"elementor-widget-wrap elementor-element-populated\">\n\t\t\t\t\t\t<div class=\"elementor-element elementor-element-ab94d8c elementor-widget__width-initial elementor-position-top elementor-widget elementor-widget-image-box\" data-id=\"ab94d8c\" data-element_type=\"widget\" data-e-type=\"widget\" data-widget_type=\"image-box.default\">\n\t\t\t\t<div class=\"elementor-widget-container\">\n\t\t\t\t\t<div class=\"elementor-image-box-wrapper\"><figure class=\"elementor-image-box-img\"><a href=\"https:\/\/www.instagram.com\/tiacarlinha\/\" tabindex=\"-1\"><img decoding=\"async\" width=\"1080\" height=\"1920\" src=\"https:\/\/iadesl.org\/wp-content\/uploads\/2025\/10\/Tia-Carlinha.jpg\" class=\"attachment-full size-full wp-image-6617\" alt=\"\" srcset=\"https:\/\/iadesl.org\/wp-content\/uploads\/2025\/10\/Tia-Carlinha.jpg 1080w, https:\/\/iadesl.org\/wp-content\/uploads\/2025\/10\/Tia-Carlinha-169x300.jpg 169w, https:\/\/iadesl.org\/wp-content\/uploads\/2025\/10\/Tia-Carlinha-576x1024.jpg 576w, https:\/\/iadesl.org\/wp-content\/uploads\/2025\/10\/Tia-Carlinha-768x1365.jpg 768w, https:\/\/iadesl.org\/wp-content\/uploads\/2025\/10\/Tia-Carlinha-864x1536.jpg 864w, https:\/\/iadesl.org\/wp-content\/uploads\/2025\/10\/Tia-Carlinha-236x420.jpg 236w, https:\/\/iadesl.org\/wp-content\/uploads\/2025\/10\/Tia-Carlinha-696x1237.jpg 696w, https:\/\/iadesl.org\/wp-content\/uploads\/2025\/10\/Tia-Carlinha-1068x1899.jpg 1068w, https:\/\/iadesl.org\/wp-content\/uploads\/2025\/10\/Tia-Carlinha-600x1067.jpg 600w\" sizes=\"(max-width: 1080px) 100vw, 1080px\" \/><\/a><\/figure><div class=\"elementor-image-box-content\"><h3 class=\"elementor-image-box-title\"><a href=\"https:\/\/www.instagram.com\/tiacarlinha\/\">Tia Carlinha<\/a><\/h3><p class=\"elementor-image-box-description\">Mission\u00e1ria, Bacharel em Teologia, Evangelista de Crian\u00e7as formada pela APEC, idealizadora do Semin\u00e1rio Nacional \"Eu Amo Crian\u00e7as\", do Projeto Social \"Levando Amor\" e do Curso FPMI. Diretora da Associa\u00e7\u00e3o Eu Amo Crian\u00e7as do DF.<\/p><\/div><\/div>\t\t\t\t<\/div>\n\t\t\t\t<\/div>\n\t\t\t\t\t<\/div>\n\t\t<\/div>\n\t\t\t\t<div class=\"elementor-column elementor-col-20 elementor-top-column elementor-element elementor-element-69f4d49\" data-id=\"69f4d49\" data-element_type=\"column\" data-e-type=\"column\">\n\t\t\t<div class=\"elementor-widget-wrap elementor-element-populated\">\n\t\t\t\t\t\t<div class=\"elementor-element elementor-element-5eba6e3 elementor-position-top elementor-widget elementor-widget-image-box\" data-id=\"5eba6e3\" data-element_type=\"widget\" data-e-type=\"widget\" data-widget_type=\"image-box.default\">\n\t\t\t\t<div class=\"elementor-widget-container\">\n\t\t\t\t\t<div class=\"elementor-image-box-wrapper\"><figure class=\"elementor-image-box-img\"><a href=\"https:\/\/www.instagram.com\/tiasilvinha.talentosa\" tabindex=\"-1\"><img decoding=\"async\" width=\"854\" height=\"1230\" src=\"https:\/\/iadesl.org\/wp-content\/uploads\/2025\/11\/TIA-SILVINHA-e1762156280969.jpg\" class=\"attachment-full size-full wp-image-6949\" alt=\"\" srcset=\"https:\/\/iadesl.org\/wp-content\/uploads\/2025\/11\/TIA-SILVINHA-e1762156280969.jpg 854w, https:\/\/iadesl.org\/wp-content\/uploads\/2025\/11\/TIA-SILVINHA-e1762156280969-208x300.jpg 208w, https:\/\/iadesl.org\/wp-content\/uploads\/2025\/11\/TIA-SILVINHA-e1762156280969-711x1024.jpg 711w, https:\/\/iadesl.org\/wp-content\/uploads\/2025\/11\/TIA-SILVINHA-e1762156280969-768x1106.jpg 768w, https:\/\/iadesl.org\/wp-content\/uploads\/2025\/11\/TIA-SILVINHA-e1762156280969-292x420.jpg 292w, https:\/\/iadesl.org\/wp-content\/uploads\/2025\/11\/TIA-SILVINHA-e1762156280969-696x1002.jpg 696w, https:\/\/iadesl.org\/wp-content\/uploads\/2025\/11\/TIA-SILVINHA-e1762156280969-600x864.jpg 600w\" sizes=\"(max-width: 854px) 100vw, 854px\" \/><\/a><\/figure><div class=\"elementor-image-box-content\"><h3 class=\"elementor-image-box-title\"><a href=\"https:\/\/www.instagram.com\/tiasilvinha.talentosa\">Tia Silvinha<\/a><\/h3><p class=\"elementor-image-box-description\">Pedagoga e Psicopedagoga com Forma\u00e7\u00e3o b\u00e1sica em Teologia e Educa\u00e7\u00e3o Crist\u00e3, l\u00edder refer\u00eancia do Departamento Infantil em S\u00e3o Luis atrav\u00e9s da dedica\u00e7\u00e3o do ensino e forma\u00e7\u00e3o de valores fundamentados na palavra de Deus.<\/p><\/div><\/div>\t\t\t\t<\/div>\n\t\t\t\t<\/div>\n\t\t\t\t\t<\/div>\n\t\t<\/div>\n\t\t\t\t<div class=\"elementor-column elementor-col-20 elementor-top-column elementor-element elementor-element-57ca60c\" data-id=\"57ca60c\" data-element_type=\"column\" data-e-type=\"column\">\n\t\t\t<div class=\"elementor-widget-wrap elementor-element-populated\">\n\t\t\t\t\t\t<div class=\"elementor-element elementor-element-d5d087c elementor-position-top elementor-widget elementor-widget-image-box\" data-id=\"d5d087c\" data-element_type=\"widget\" data-e-type=\"widget\" data-widget_type=\"image-box.default\">\n\t\t\t\t<div class=\"elementor-widget-container\">\n\t\t\t\t\t<div class=\"elementor-image-box-wrapper\"><figure class=\"elementor-image-box-img\"><a href=\"https:\/\/www.instagram.com\/tiapriscila\/\" tabindex=\"-1\"><img loading=\"lazy\" decoding=\"async\" width=\"1080\" height=\"1920\" src=\"https:\/\/iadesl.org\/wp-content\/uploads\/2025\/10\/Tia-Priscila.jpg\" class=\"attachment-full size-full wp-image-6616\" alt=\"Tia Priscila\" srcset=\"https:\/\/iadesl.org\/wp-content\/uploads\/2025\/10\/Tia-Priscila.jpg 1080w, https:\/\/iadesl.org\/wp-content\/uploads\/2025\/10\/Tia-Priscila-169x300.jpg 169w, https:\/\/iadesl.org\/wp-content\/uploads\/2025\/10\/Tia-Priscila-576x1024.jpg 576w, https:\/\/iadesl.org\/wp-content\/uploads\/2025\/10\/Tia-Priscila-768x1365.jpg 768w, https:\/\/iadesl.org\/wp-content\/uploads\/2025\/10\/Tia-Priscila-864x1536.jpg 864w, https:\/\/iadesl.org\/wp-content\/uploads\/2025\/10\/Tia-Priscila-236x420.jpg 236w, https:\/\/iadesl.org\/wp-content\/uploads\/2025\/10\/Tia-Priscila-696x1237.jpg 696w, https:\/\/iadesl.org\/wp-content\/uploads\/2025\/10\/Tia-Priscila-1068x1899.jpg 1068w, https:\/\/iadesl.org\/wp-content\/uploads\/2025\/10\/Tia-Priscila-600x1067.jpg 600w\" sizes=\"(max-width: 1080px) 100vw, 1080px\" \/><\/a><\/figure><div class=\"elementor-image-box-content\"><h3 class=\"elementor-image-box-title\"><a href=\"https:\/\/www.instagram.com\/tiapriscila\/\">Tia Priscila<\/a><\/h3><p class=\"elementor-image-box-description\">Mission\u00e1ria, Conferencista Internacional e Coordenadora Geral do Instituto SEADA, desenvolve a\u00e7\u00f5es em \u00e1reas de dificil acesso. Membro da Secretaria de Miss\u00f5es e Evangelismo da ADEB - Assembleia de Deus em Bras\u00edlia.<\/p><\/div><\/div>\t\t\t\t<\/div>\n\t\t\t\t<\/div>\n\t\t\t\t\t<\/div>\n\t\t<\/div>\n\t\t\t\t<div class=\"elementor-column elementor-col-20 elementor-top-column elementor-element elementor-element-b4338d7\" data-id=\"b4338d7\" data-element_type=\"column\" data-e-type=\"column\">\n\t\t\t<div class=\"elementor-widget-wrap elementor-element-populated\">\n\t\t\t\t\t\t<div class=\"elementor-element elementor-element-15e5266 elementor-position-top elementor-widget elementor-widget-image-box\" data-id=\"15e5266\" data-element_type=\"widget\" data-e-type=\"widget\" data-widget_type=\"image-box.default\">\n\t\t\t\t<div class=\"elementor-widget-container\">\n\t\t\t\t\t<div class=\"elementor-image-box-wrapper\"><figure class=\"elementor-image-box-img\"><a href=\"https:\/\/www.instagram.com\/carvalho.dinaneuropp\/\" tabindex=\"-1\"><img loading=\"lazy\" decoding=\"async\" width=\"1062\" height=\"1600\" src=\"https:\/\/iadesl.org\/wp-content\/uploads\/2025\/10\/Dina-Carvalho.jpg\" class=\"attachment-full size-full wp-image-6610\" alt=\"Din\u00e1 Carvalho\" srcset=\"https:\/\/iadesl.org\/wp-content\/uploads\/2025\/10\/Dina-Carvalho.jpg 1062w, https:\/\/iadesl.org\/wp-content\/uploads\/2025\/10\/Dina-Carvalho-199x300.jpg 199w, https:\/\/iadesl.org\/wp-content\/uploads\/2025\/10\/Dina-Carvalho-680x1024.jpg 680w, https:\/\/iadesl.org\/wp-content\/uploads\/2025\/10\/Dina-Carvalho-768x1157.jpg 768w, https:\/\/iadesl.org\/wp-content\/uploads\/2025\/10\/Dina-Carvalho-1020x1536.jpg 1020w, https:\/\/iadesl.org\/wp-content\/uploads\/2025\/10\/Dina-Carvalho-279x420.jpg 279w, https:\/\/iadesl.org\/wp-content\/uploads\/2025\/10\/Dina-Carvalho-696x1049.jpg 696w, https:\/\/iadesl.org\/wp-content\/uploads\/2025\/10\/Dina-Carvalho-600x904.jpg 600w\" sizes=\"(max-width: 1062px) 100vw, 1062px\" \/><\/a><\/figure><div class=\"elementor-image-box-content\"><h3 class=\"elementor-image-box-title\"><a href=\"https:\/\/www.instagram.com\/carvalho.dinaneuropp\/\">Dr\u00aa. Din\u00e1 Carvalho<\/a><\/h3><p class=\"elementor-image-box-description\">Autora e Idealizadora do Projeto \"Do Invis\u00edvel ao Infinito\", fundadora da \"Elo Cl\u00ednica Integrada\", Neuropsicopedagoga, Analista do Comportamento (ABA), mestre em Ci\u00eancia da Educa\u00e7\u00e3o para Inclus\u00e3o, atuando na promo\u00e7\u00e3o da educa\u00e7\u00e3o inclusiva e do acolhimento com prop\u00f3sito.<\/p><\/div><\/div>\t\t\t\t<\/div>\n\t\t\t\t<\/div>\n\t\t\t\t\t<\/div>\n\t\t<\/div>\n\t\t\t\t\t<\/div>\n\t\t<\/section>\n\t\t\t\t<section class=\"elementor-section elementor-top-section elementor-element elementor-element-7fc5cb7 elementor-section-boxed elementor-section-height-default elementor-section-height-default\" data-id=\"7fc5cb7\" data-element_type=\"section\" data-e-type=\"section\">\n\t\t\t\t\t\t<div class=\"elementor-container elementor-column-gap-default\">\n\t\t\t\t\t<div class=\"elementor-column elementor-col-50 elementor-top-column elementor-element elementor-element-e1dacd9\" data-id=\"e1dacd9\" data-element_type=\"column\" data-e-type=\"column\">\n\t\t\t<div class=\"elementor-widget-wrap elementor-element-populated\">\n\t\t\t\t\t\t<div class=\"elementor-element elementor-element-7244a86 elementor-align-center elementor-widget elementor-widget-button\" data-id=\"7244a86\" data-element_type=\"widget\" data-e-type=\"widget\" data-widget_type=\"button.default\">\n\t\t\t\t<div class=\"elementor-widget-container\">\n\t\t\t\t\t\t\t\t\t<div class=\"elementor-button-wrapper\">\n\t\t\t\t\t<a class=\"elementor-button elementor-button-link elementor-size-sm\" href=\"https:\/\/iadesl.org\/index.php\/pagamento\/inscricao-treinar-kids\">\n\t\t\t\t\t\t<span class=\"elementor-button-content-wrapper\">\n\t\t\t\t\t\t\t\t\t<span class=\"elementor-button-text\">INSCRI\u00c7\u00c3O NO CART\u00c3O<\/span>\n\t\t\t\t\t<\/span>\n\t\t\t\t\t<\/a>\n\t\t\t\t<\/div>\n\t\t\t\t\t\t\t\t<\/div>\n\t\t\t\t<\/div>\n\t\t\t\t\t<\/div>\n\t\t<\/div>\n\t\t\t\t<div class=\"elementor-column elementor-col-50 elementor-top-column elementor-element elementor-element-abf3fdb\" data-id=\"abf3fdb\" data-element_type=\"column\" data-e-type=\"column\">\n\t\t\t<div class=\"elementor-widget-wrap elementor-element-populated\">\n\t\t\t\t\t\t<div class=\"elementor-element elementor-element-3355a7f elementor-align-center elementor-widget elementor-widget-button\" data-id=\"3355a7f\" data-element_type=\"widget\" data-e-type=\"widget\" data-widget_type=\"button.default\">\n\t\t\t\t<div class=\"elementor-widget-container\">\n\t\t\t\t\t\t\t\t\t<div class=\"elementor-button-wrapper\">\n\t\t\t\t\t<a class=\"elementor-button elementor-button-link elementor-size-sm\" href=\"https:\/\/eventhus.app.br\/formulario\/e476xgHj\">\n\t\t\t\t\t\t<span class=\"elementor-button-content-wrapper\">\n\t\t\t\t\t\t\t\t\t<span class=\"elementor-button-text\">INSCRI\u00c7\u00c3O VIA PIX<\/span>\n\t\t\t\t\t<\/span>\n\t\t\t\t\t<\/a>\n\t\t\t\t<\/div>\n\t\t\t\t\t\t\t\t<\/div>\n\t\t\t\t<\/div>\n\t\t\t\t\t<\/div>\n\t\t<\/div>\n\t\t\t\t\t<\/div>\n\t\t<\/section>\n\t\t\t\t<section class=\"elementor-section elementor-top-section elementor-element elementor-element-1acb291 elementor-section-boxed elementor-section-height-default elementor-section-height-default\" data-id=\"1acb291\" data-element_type=\"section\" data-e-type=\"section\">\n\t\t\t\t\t\t<div class=\"elementor-container elementor-column-gap-default\">\n\t\t\t\t\t<div class=\"elementor-column elementor-col-100 elementor-top-column elementor-element elementor-element-6969b5f\" data-id=\"6969b5f\" data-element_type=\"column\" data-e-type=\"column\">\n\t\t\t<div class=\"elementor-widget-wrap elementor-element-populated\">\n\t\t\t\t\t\t<div class=\"elementor-element elementor-element-f71d375 elementor-widget-divider--view-line elementor-widget elementor-widget-divider\" data-id=\"f71d375\" data-element_type=\"widget\" data-e-type=\"widget\" data-widget_type=\"divider.default\">\n\t\t\t\t<div class=\"elementor-widget-container\">\n\t\t\t\t\t\t\t<div class=\"elementor-divider\">\n\t\t\t<span class=\"elementor-divider-separator\">\n\t\t\t\t\t\t<\/span>\n\t\t<\/div>\n\t\t\t\t\t\t<\/div>\n\t\t\t\t<\/div>\n\t\t\t\t<div class=\"elementor-element elementor-element-b313bbd elementor-view-stacked elementor-shape-circle elementor-widget elementor-widget-icon\" data-id=\"b313bbd\" data-element_type=\"widget\" data-e-type=\"widget\" data-widget_type=\"icon.default\">\n\t\t\t\t<div class=\"elementor-widget-container\">\n\t\t\t\t\t\t\t<div class=\"elementor-icon-wrapper\">\n\t\t\t<div class=\"elementor-icon\">\n\t\t\t<i aria-hidden=\"true\" class=\"far fa-question-circle\"><\/i>\t\t\t<\/div>\n\t\t<\/div>\n\t\t\t\t\t\t<\/div>\n\t\t\t\t<\/div>\n\t\t\t\t<div class=\"elementor-element elementor-element-f173347 elementor-widget elementor-widget-heading\" data-id=\"f173347\" data-element_type=\"widget\" data-e-type=\"widget\" data-widget_type=\"heading.default\">\n\t\t\t\t<div class=\"elementor-widget-container\">\n\t\t\t\t\t<h2 class=\"elementor-heading-title elementor-size-default\">D\u00daVIDAS FREQUENTES (FAQ)<\/h2>\t\t\t\t<\/div>\n\t\t\t\t<\/div>\n\t\t\t\t\t<\/div>\n\t\t<\/div>\n\t\t\t\t\t<\/div>\n\t\t<\/section>\n\t\t\t\t<section class=\"elementor-section elementor-top-section elementor-element elementor-element-aefa882 elementor-section-boxed elementor-section-height-default elementor-section-height-default\" data-id=\"aefa882\" data-element_type=\"section\" data-e-type=\"section\">\n\t\t\t\t\t\t<div class=\"elementor-container elementor-column-gap-default\">\n\t\t\t\t\t<div class=\"elementor-column elementor-col-100 elementor-top-column elementor-element elementor-element-d731fc5\" data-id=\"d731fc5\" data-element_type=\"column\" data-e-type=\"column\">\n\t\t\t<div class=\"elementor-widget-wrap elementor-element-populated\">\n\t\t\t\t\t\t<div class=\"elementor-element elementor-element-1b52262 elementor-widget elementor-widget-toggle\" data-id=\"1b52262\" data-element_type=\"widget\" data-e-type=\"widget\" data-widget_type=\"toggle.default\">\n\t\t\t\t<div class=\"elementor-widget-container\">\n\t\t\t\t\t\t\t<div class=\"elementor-toggle\">\n\t\t\t\t\t\t\t<div class=\"elementor-toggle-item\">\n\t\t\t\t\t<div id=\"elementor-tab-title-2861\" class=\"elementor-tab-title\" data-tab=\"1\" role=\"button\" aria-controls=\"elementor-tab-content-2861\" aria-expanded=\"false\">\n\t\t\t\t\t\t\t\t\t\t\t\t<span class=\"elementor-toggle-icon elementor-toggle-icon-left\" aria-hidden=\"true\">\n\t\t\t\t\t\t\t\t\t\t\t\t\t\t\t<span class=\"elementor-toggle-icon-closed\"><i class=\"fas fa-caret-right\"><\/i><\/span>\n\t\t\t\t\t\t\t\t<span class=\"elementor-toggle-icon-opened\"><i class=\"elementor-toggle-icon-opened fas fa-caret-up\"><\/i><\/span>\n\t\t\t\t\t\t\t\t\t\t\t\t\t<\/span>\n\t\t\t\t\t\t\t\t\t\t\t\t<a class=\"elementor-toggle-title\" tabindex=\"0\">Confirmar Inscri\u00e7\u00e3o<\/a>\n\t\t\t\t\t<\/div>\n\n\t\t\t\t\t<div id=\"elementor-tab-content-2861\" class=\"elementor-tab-content elementor-clearfix\" data-tab=\"1\" role=\"region\" aria-labelledby=\"elementor-tab-title-2861\"><p>Acesse sua inscri\u00e7\u00e3o j\u00e1 realizada. O acesso \u00e9 realizado usando os dados cadastrado anteriormente (CPF e Telefone), caso n\u00e3o esteja recebendo o token de acesso entre em contato com o suporte Lothus para atualiza\u00e7\u00e3o cadastral.<\/p><p><a href=\"https:\/\/eventhus.app.br\/login\">https:\/\/eventhus.app.br\/login<\/a><\/p><\/div>\n\t\t\t\t<\/div>\n\t\t\t\t\t\t\t<div class=\"elementor-toggle-item\">\n\t\t\t\t\t<div id=\"elementor-tab-title-2862\" class=\"elementor-tab-title\" data-tab=\"2\" role=\"button\" aria-controls=\"elementor-tab-content-2862\" aria-expanded=\"false\">\n\t\t\t\t\t\t\t\t\t\t\t\t<span class=\"elementor-toggle-icon elementor-toggle-icon-left\" aria-hidden=\"true\">\n\t\t\t\t\t\t\t\t\t\t\t\t\t\t\t<span class=\"elementor-toggle-icon-closed\"><i class=\"fas fa-caret-right\"><\/i><\/span>\n\t\t\t\t\t\t\t\t<span class=\"elementor-toggle-icon-opened\"><i class=\"elementor-toggle-icon-opened fas fa-caret-up\"><\/i><\/span>\n\t\t\t\t\t\t\t\t\t\t\t\t\t<\/span>\n\t\t\t\t\t\t\t\t\t\t\t\t<a class=\"elementor-toggle-title\" tabindex=\"0\">Formul\u00e1rio da SEDAC<\/a>\n\t\t\t\t\t<\/div>\n\n\t\t\t\t\t<div id=\"elementor-tab-content-2862\" class=\"elementor-tab-content elementor-clearfix\" data-tab=\"2\" role=\"region\" aria-labelledby=\"elementor-tab-title-2862\"><p>Baixe e preencha o Formul\u00e1rio de Cadastro da sua EBF 2025 para ter acesso integral a Plataforma de Educa\u00e7\u00e3o a Dist\u00e2ncia &#8211; Academia de Mestres Crist\u00e3o da SEDAC.<\/p><p><a href=\"http:\/\/iadesl.org\/wp-content\/uploads\/2025\/05\/Cadastro-de-EBF_2025.pdf\">Cadastro de EBF_2025<\/a><\/p><\/div>\n\t\t\t\t<\/div>\n\t\t\t\t\t\t\t<div class=\"elementor-toggle-item\">\n\t\t\t\t\t<div id=\"elementor-tab-title-2863\" class=\"elementor-tab-title\" data-tab=\"3\" role=\"button\" aria-controls=\"elementor-tab-content-2863\" aria-expanded=\"false\">\n\t\t\t\t\t\t\t\t\t\t\t\t<span class=\"elementor-toggle-icon elementor-toggle-icon-left\" aria-hidden=\"true\">\n\t\t\t\t\t\t\t\t\t\t\t\t\t\t\t<span class=\"elementor-toggle-icon-closed\"><i class=\"fas fa-caret-right\"><\/i><\/span>\n\t\t\t\t\t\t\t\t<span class=\"elementor-toggle-icon-opened\"><i class=\"elementor-toggle-icon-opened fas fa-caret-up\"><\/i><\/span>\n\t\t\t\t\t\t\t\t\t\t\t\t\t<\/span>\n\t\t\t\t\t\t\t\t\t\t\t\t<a class=\"elementor-toggle-title\" tabindex=\"0\">Academia de Mestres - SEDAC<\/a>\n\t\t\t\t\t<\/div>\n\n\t\t\t\t\t<div id=\"elementor-tab-content-2863\" class=\"elementor-tab-content elementor-clearfix\" data-tab=\"3\" role=\"region\" aria-labelledby=\"elementor-tab-title-2863\"><p>A Secretaria de Evangeliza\u00e7\u00e3o e Discipulado de Pr\u00e9-Adolescentes e Crian\u00e7as \u2013 SEDAC, \u00f3rg\u00e3o executivo da Conven\u00e7\u00e3o Estadual das Igrejas Assembleias de Deus no Maranh\u00e3o \u2013 CEADEMA, criado para apoiar a igreja no que se refere a projetos e metodologias espec\u00edficas que possam resultar na salva\u00e7\u00e3o e no crescimento espiritual de CRIAN\u00c7AS e PR\u00c9 ADOLESCENTES, disponibiliza a Plataforma de Educa\u00e7\u00e3o a Dist\u00e2ncia: Academia de Mestres Crist\u00e3os. Acesse ao conte\u00fado integral da EBF 2025.<\/p><p><a href=\"https:\/\/academiademestrescristaos.com.br\/home\/login\">https:\/\/academiademestrescristaos.com.br\/home\/login<\/a><\/p><\/div>\n\t\t\t\t<\/div>\n\t\t\t\t\t\t\t<div class=\"elementor-toggle-item\">\n\t\t\t\t\t<div id=\"elementor-tab-title-2864\" class=\"elementor-tab-title\" data-tab=\"4\" role=\"button\" aria-controls=\"elementor-tab-content-2864\" aria-expanded=\"false\">\n\t\t\t\t\t\t\t\t\t\t\t\t<span class=\"elementor-toggle-icon elementor-toggle-icon-left\" aria-hidden=\"true\">\n\t\t\t\t\t\t\t\t\t\t\t\t\t\t\t<span class=\"elementor-toggle-icon-closed\"><i class=\"fas fa-caret-right\"><\/i><\/span>\n\t\t\t\t\t\t\t\t<span class=\"elementor-toggle-icon-opened\"><i class=\"elementor-toggle-icon-opened fas fa-caret-up\"><\/i><\/span>\n\t\t\t\t\t\t\t\t\t\t\t\t\t<\/span>\n\t\t\t\t\t\t\t\t\t\t\t\t<a class=\"elementor-toggle-title\" tabindex=\"0\">Perguntas Frequentes EBF 2025<\/a>\n\t\t\t\t\t<\/div>\n\n\t\t\t\t\t<div id=\"elementor-tab-content-2864\" class=\"elementor-tab-content elementor-clearfix\" data-tab=\"4\" role=\"region\" aria-labelledby=\"elementor-tab-title-2864\"><ol><li>Quando posso ter acesso ao conte\u00fado integral digital disponibilizado pela SEDAC?<br \/>&#8211; o acesso a plataforma EAD \u00e9 gerenciado pela SEDAC e condicionado geralmente pela realiza\u00e7\u00e3o do treinamento da EBF e preenchimento do formul\u00e1rio de Cadastro da EBF do ano corrente. Esse deve ser corretamente preenchido e submetido nos canais dispon\u00edveis ou equipes respons\u00e1veis.<\/li><li>At\u00e9 quando posso realizar minha inscri\u00e7\u00e3o no treinamento EBF 2025?\u00a0<br \/>&#8211; at\u00e9 o dia do treinamento, por\u00e9m est\u00e1 condicionada \u00e0 quantidade de vagas, al\u00e9m de tornar facultativo, por crit\u00e9rio de disponibilidade, o recebimento do material oficial do treinamento.<\/li><\/ol><\/div>\n\t\t\t\t<\/div>\n\t\t\t\t\t\t\t<div class=\"elementor-toggle-item\">\n\t\t\t\t\t<div id=\"elementor-tab-title-2865\" class=\"elementor-tab-title\" data-tab=\"5\" role=\"button\" aria-controls=\"elementor-tab-content-2865\" aria-expanded=\"false\">\n\t\t\t\t\t\t\t\t\t\t\t\t<span class=\"elementor-toggle-icon elementor-toggle-icon-left\" aria-hidden=\"true\">\n\t\t\t\t\t\t\t\t\t\t\t\t\t\t\t<span class=\"elementor-toggle-icon-closed\"><i class=\"fas fa-caret-right\"><\/i><\/span>\n\t\t\t\t\t\t\t\t<span class=\"elementor-toggle-icon-opened\"><i class=\"elementor-toggle-icon-opened fas fa-caret-up\"><\/i><\/span>\n\t\t\t\t\t\t\t\t\t\t\t\t\t<\/span>\n\t\t\t\t\t\t\t\t\t\t\t\t<a class=\"elementor-toggle-title\" tabindex=\"0\">Suporte T\u00e9cnico<\/a>\n\t\t\t\t\t<\/div>\n\n\t\t\t\t\t<div id=\"elementor-tab-content-2865\" class=\"elementor-tab-content elementor-clearfix\" data-tab=\"5\" role=\"region\" aria-labelledby=\"elementor-tab-title-2865\"><p>A ferramenta usada pelo DIADESL para gest\u00e3o das inscri\u00e7\u00f5es e credenciamento \u00e9 o Eventhus, da Lothus Tecnologia. Em caso de dificuldades ao acessar sua conta como n\u00e3o recebimento de token, dificuldades de pagamento, entre outros, fale com o suporte para maiores esclarecimentos atrav\u00e9s do atendimento virtual via Whatsapp.<\/p><p><a href=\"https:\/\/wa.me\/5598986244000\">https:\/\/wa.me\/5598986244000\u00a0<\/a><\/p><\/div>\n\t\t\t\t<\/div>\n\t\t\t\t\t\t\t\t<\/div>\n\t\t\t\t\t\t<\/div>\n\t\t\t\t<\/div>\n\t\t\t\t\t<\/div>\n\t\t<\/div>\n\t\t\t\t\t<\/div>\n\t\t<\/section>\n\t\t\t\t<\/div>\n\t\t","protected":false},"excerpt":{"rendered":"<p>DIADESL Departamento Infantil da Assembleia de Deus em S\u00e3o Luis TREINAR KIDS 7 e 8 de Novembro Templo Central da IADESL PRELETORAS Tia Quequ\u00ea Com um Minist\u00e9rio dedicado ao ensino e forma\u00e7\u00e3o crist\u00e3 de crian\u00e7as, atua h\u00e1 26 anos como Educadora Crist\u00e3, Evangelista Infantil e Coordenadora do Departamento Infantil na Congrega\u00e7\u00e3o Mori\u00e1, \u00c1rea 70. Tia [&hellip;]<\/p>\n","protected":false},"author":8,"featured_media":0,"parent":2657,"menu_order":1,"comment_status":"closed","ping_status":"closed","template":"","meta":{"footnotes":""},"class_list":["post-7082","page","type-page","status-publish"],"_links":{"self":[{"href":"https:\/\/iadesl.org\/index.php\/wp-json\/wp\/v2\/pages\/7082","targetHints":{"allow":["GET"]}}],"collection":[{"href":"https:\/\/iadesl.org\/index.php\/wp-json\/wp\/v2\/pages"}],"about":[{"href":"https:\/\/iadesl.org\/index.php\/wp-json\/wp\/v2\/types\/page"}],"author":[{"embeddable":true,"href":"https:\/\/iadesl.org\/index.php\/wp-json\/wp\/v2\/users\/8"}],"replies":[{"embeddable":true,"href":"https:\/\/iadesl.org\/index.php\/wp-json\/wp\/v2\/comments?post=7082"}],"version-history":[{"count":17,"href":"https:\/\/iadesl.org\/index.php\/wp-json\/wp\/v2\/pages\/7082\/revisions"}],"predecessor-version":[{"id":7134,"href":"https:\/\/iadesl.org\/index.php\/wp-json\/wp\/v2\/pages\/7082\/revisions\/7134"}],"up":[{"embeddable":true,"href":"https:\/\/iadesl.org\/index.php\/wp-json\/wp\/v2\/pages\/2657"}],"wp:attachment":[{"href":"https:\/\/iadesl.org\/index.php\/wp-json\/wp\/v2\/media?parent=7082"}],"curies":[{"name":"wp","href":"https:\/\/api.w.org\/{rel}","templated":true}]}}